{"id":63,"date":"2018-02-07T13:44:15","date_gmt":"2018-02-07T13:44:15","guid":{"rendered":"https:\/\/demo-content.kaliumtheme.com\/hotel\/?page_id=63"},"modified":"2023-09-29T08:35:01","modified_gmt":"2023-09-29T08:35:01","slug":"activities-ferias-internacionales-de-la-ceramica","status":"publish","type":"page","link":"https:\/\/www.lifeceramica.com\/es_es\/ferias-internacionales-de-la-ceramica\/","title":{"rendered":"Ferias"},"content":{"rendered":"<div class=\"wpb-content-wrapper\"><div class=\"vc-row-container container\"><div data-vc-full-width=\"true\" data-vc-full-width-temp=\"true\" data-vc-full-width-init=\"false\" class=\"vc_row wpb_row vc_row-fluid wpb_animate_when_almost_visible wpb_fadeIn fadeIn vc_custom_1594986291318 vc_row-has-fill row-stretch\"><div class=\"wpb_column vc_column_container vc_col-sm-12\"><div class=\"vc_column-inner\"><div class=\"wpb_wrapper\"><div class=\"vc_empty_space\"   style=\"height: 300px\"><span class=\"vc_empty_space_inner\"><\/span><\/div><h1 style=\"text-align: center\" class=\"vc_custom_heading vc_do_custom_heading h1-title vc_custom_1594984057000\" >Ferias<\/h1><\/div><\/div><\/div><\/div><div class=\"vc_row-full-width vc_clearfix\"><\/div><\/div><div class=\"vc-row-container vc-row-container--stretch-content-no-spaces\"><div data-vc-full-width=\"true\" data-vc-full-width-temp=\"true\" data-vc-full-width-init=\"false\" data-vc-stretch-content=\"true\" class=\"vc_row wpb_row vc_row-fluid wpb_animate_when_almost_visible wpb_fadeIn fadeIn vc_custom_1522159552509 vc_row-has-fill vc_row-no-padding vc_row-o-equal-height vc_row-o-content-middle vc_row-flex\"><div class=\"wpb_column vc_column_container vc_col-sm-6 vc_hidden-xs vc_col-has-fill\"><div class=\"vc_column-inner vc_custom_1523285124617\"><div class=\"wpb_wrapper\"><p style=\"color: #98bf0d;text-align: center\" class=\"vc_custom_heading vc_do_custom_heading sub-heading vc_custom_1594984584083\" >Ferias<\/p><h2 style=\"text-align: center\" class=\"vc_custom_heading vc_do_custom_heading\" >CERSAIE 2023<\/h2><div class=\"vc_separator wpb_content_element vc_separator_align_center vc_sep_width_10 vc_sep_pos_align_center vc_separator_no_text vc_sep_color_grey vc_custom_1522160591144 wpb_content_element  vc_custom_1522160591144 wpb_content_element separator-rotate\" ><span class=\"vc_sep_holder vc_sep_holder_l\"><span class=\"vc_sep_line\"><\/span><\/span><span class=\"vc_sep_holder vc_sep_holder_r\"><span class=\"vc_sep_line\"><\/span><\/span>\n<\/div>\n\t<div class=\"wpb_text_column wpb_content_element wpb_animate_when_almost_visible wpb_bottom-to-top bottom-to-top post-formatting \" >\n\t\t<div class=\"wpb_wrapper\">\n\t\t\t<p style=\"text-align: center;\">Un a\u00f1o m\u00e1s, Life Cer\u00e1mica estuvo presente en el mayor escaparate del mundo de la cer\u00e1mica. Con las restricciones causadas por el COVID19 dejadas atr\u00e1s, la feria recuper\u00f3 la afluencia y la vitalidad de siempre. Os dejamos el enlace al tour virtual que resume nuestro paso por la feria.<\/p>\n\n\t\t<\/div>\n\t<\/div>\n<div class=\"vc_btn3-container  wpb_animate_when_almost_visible wpb_bottom-to-top bottom-to-top vc_btn3-center vc_do_btn\" ><a onmouseleave=\"this.style.borderColor=&#039;#000000&#039;; this.style.backgroundColor=&#039;transparent&#039;; this.style.color=&#039;#000000&#039;\" onmouseenter=\"this.style.borderColor=&#039;#000000&#039;; this.style.backgroundColor=&#039;#000000&#039;; this.style.color=&#039;#ffffff&#039;;\" style=\"border-color:#000000; color:#000000;\" class=\"vc_general vc_btn3 vc_btn3-size-md vc_btn3-shape-square vc_btn3-style-outline-custom\" href=\"https:\/\/www.dreamreality.com.tr\/3d-model\/life-ceramica-cersaie-2023\/fullscreen\" title=\"\" target=\"_blank\" rel=\"noopener\">TOUR VIRTUAL CERSAIE 2023<\/a><\/div><\/div><\/div><\/div><div class=\"wpb_column vc_column_container vc_col-sm-6 vc_hidden-xs vc_col-has-fill\"><div class=\"vc_column-inner vc_custom_1695973140714\"><div class=\"wpb_wrapper\"><\/div><\/div><\/div><\/div><div class=\"vc_row-full-width vc_clearfix\"><\/div><\/div><div class=\"vc-row-container vc-row-container--stretch-content-no-spaces\"><div data-vc-full-width=\"true\" data-vc-full-width-temp=\"true\" data-vc-full-width-init=\"false\" data-vc-stretch-content=\"true\" class=\"vc_row wpb_row vc_row-fluid wpb_animate_when_almost_visible wpb_fadeIn fadeIn vc_custom_1523285867772 vc_row-has-fill vc_row-no-padding vc_row-o-equal-height vc_row-o-content-middle vc_row-flex\"><div class=\"wpb_column vc_column_container vc_col-sm-6 vc_hidden-lg vc_hidden-md vc_hidden-sm vc_col-has-fill\"><div class=\"vc_column-inner vc_custom_1523285873431\"><div class=\"wpb_wrapper\">\n\t<div  class=\"wpb_single_image wpb_content_element vc_align_left wpb_content_element vc_custom_1695976411976\">\n\t\t\n\t\t<figure class=\"wpb_wrapper vc_figure\">\n\t\t\t<div class=\"vc_single_image-wrapper   vc_box_border_grey\"><img loading=\"lazy\" decoding=\"async\" width=\"768\" height=\"1024\" src=\"https:\/\/www.lifeceramica.com\/wp-content\/uploads\/2023\/09\/CERSAIE-3.jpeg\" class=\"vc_single_image-img attachment-full\" alt=\"\" title=\"CERSAIE 3\" srcset=\"https:\/\/www.lifeceramica.com\/wp-content\/uploads\/2023\/09\/CERSAIE-3.jpeg 768w, https:\/\/www.lifeceramica.com\/wp-content\/uploads\/2023\/09\/CERSAIE-3-225x300.jpeg 225w, https:\/\/www.lifeceramica.com\/wp-content\/uploads\/2023\/09\/CERSAIE-3-558x744.jpeg 558w, https:\/\/www.lifeceramica.com\/wp-content\/uploads\/2023\/09\/CERSAIE-3-655x873.jpeg 655w, https:\/\/www.lifeceramica.com\/wp-content\/uploads\/2023\/09\/CERSAIE-3-600x800.jpeg 600w\" sizes=\"auto, (max-width: 768px) 100vw, 768px\" \/><\/div>\n\t\t<\/figure>\n\t<\/div>\n<\/div><\/div><\/div><div class=\"wpb_column vc_column_container vc_col-sm-6 vc_hidden-lg vc_hidden-md vc_hidden-sm\"><div class=\"vc_column-inner vc_custom_1523285788921\"><div class=\"wpb_wrapper\"><p style=\"color: #98bf0d;text-align: center\" class=\"vc_custom_heading vc_do_custom_heading sub-heading vc_custom_1594984584083\" >Ferias<\/p><h2 style=\"text-align: center\" class=\"vc_custom_heading vc_do_custom_heading\" >CERSAIE 2023<\/h2><div class=\"vc_separator wpb_content_element vc_separator_align_center vc_sep_width_10 vc_sep_pos_align_center vc_separator_no_text vc_sep_color_grey vc_custom_1522160591144 wpb_content_element  vc_custom_1522160591144 wpb_content_element separator-rotate\" ><span class=\"vc_sep_holder vc_sep_holder_l\"><span class=\"vc_sep_line\"><\/span><\/span><span class=\"vc_sep_holder vc_sep_holder_r\"><span class=\"vc_sep_line\"><\/span><\/span>\n<\/div>\n\t<div class=\"wpb_text_column wpb_content_element post-formatting \" >\n\t\t<div class=\"wpb_wrapper\">\n\t\t\t<p style=\"text-align: center;\">Un a\u00f1o m\u00e1s, Life Cer\u00e1mica estuvo presente en el mayor escaparate del mundo de la cer\u00e1mica. Con las restricciones causadas por el COVID19 dejadas atr\u00e1s, la feria recuper\u00f3 la afluencia y la vitalidad de siempre. Os dejamos el enlace al tour virtual que resume nuestro paso por la feria.<\/p>\n\n\t\t<\/div>\n\t<\/div>\n<div class=\"vc_btn3-container  wpb_animate_when_almost_visible wpb_bottom-to-top bottom-to-top vc_btn3-center vc_do_btn\" ><a onmouseleave=\"this.style.borderColor=&#039;#000000&#039;; this.style.backgroundColor=&#039;transparent&#039;; this.style.color=&#039;#000000&#039;\" onmouseenter=\"this.style.borderColor=&#039;#000000&#039;; this.style.backgroundColor=&#039;#000000&#039;; this.style.color=&#039;#ffffff&#039;;\" style=\"border-color:#000000; color:#000000;\" class=\"vc_general vc_btn3 vc_btn3-size-md vc_btn3-shape-square vc_btn3-style-outline-custom\" href=\"https:\/\/www.dreamreality.com.tr\/3d-model\/life-ceramica-cersaie-2023\/fullscreen\" title=\"\" target=\"_blank\" rel=\"noopener\">TOUR VIRTUAL CERSAIE 2023<\/a><\/div><\/div><\/div><\/div><\/div><div class=\"vc_row-full-width vc_clearfix\"><\/div><\/div><div class=\"vc-row-container vc-row-container--stretch-content-no-spaces\"><div data-vc-full-width=\"true\" data-vc-full-width-temp=\"true\" data-vc-full-width-init=\"false\" data-vc-stretch-content=\"true\" class=\"vc_row wpb_row vc_row-fluid wpb_animate_when_almost_visible wpb_fadeIn fadeIn vc_row-no-padding vc_row-o-equal-height vc_row-o-content-middle vc_row-flex\"><div class=\"wpb_column vc_column_container vc_col-sm-6 vc_hidden-xs vc_col-has-fill\"><div class=\"vc_column-inner vc_custom_1594988249515\"><div class=\"wpb_wrapper\"><\/div><\/div><\/div><div class=\"wpb_column vc_column_container vc_col-sm-6 vc_hidden-xs vc_col-has-fill\"><div class=\"vc_column-inner vc_custom_1523285111599\"><div class=\"wpb_wrapper\"><p style=\"color: #98bf0d;text-align: center\" class=\"vc_custom_heading vc_do_custom_heading sub-heading vc_custom_1594984593158\" >Ferias<\/p><h2 style=\"text-align: center\" class=\"vc_custom_heading vc_do_custom_heading\" >CERSAIE<\/h2><div class=\"vc_separator wpb_content_element vc_separator_align_center vc_sep_width_10 vc_sep_pos_align_center vc_separator_no_text vc_sep_color_grey vc_custom_1518181620857 wpb_content_element  vc_custom_1518181620857 wpb_content_element separator-rotate\" ><span class=\"vc_sep_holder vc_sep_holder_l\"><span class=\"vc_sep_line\"><\/span><\/span><span class=\"vc_sep_holder vc_sep_holder_r\"><span class=\"vc_sep_line\"><\/span><\/span>\n<\/div>\n\t<div class=\"wpb_text_column wpb_content_element post-formatting \" >\n\t\t<div class=\"wpb_wrapper\">\n\t\t\t<p style=\"text-align: center;\">Hab\u00edamos imaginado un Cersaie 2020 Open, un evento que estar\u00eda abierto a los visitantes, a un nuevo dise\u00f1o, a nuevos productos. Pero la continua emergencia de salud de Covid-19 en demasiados pa\u00edses nos hace imposible organizar una exposici\u00f3n que garantice la presencia de profesionales de todo el mundo.<\/p>\n\n\t\t<\/div>\n\t<\/div>\n<div class=\"vc_btn3-container  wpb_animate_when_almost_visible wpb_bottom-to-top bottom-to-top vc_btn3-center vc_do_btn\" ><a onmouseleave=\"this.style.borderColor=&#039;#000000&#039;; this.style.backgroundColor=&#039;transparent&#039;; this.style.color=&#039;#000000&#039;\" onmouseenter=\"this.style.borderColor=&#039;#000000&#039;; this.style.backgroundColor=&#039;#000000&#039;; this.style.color=&#039;#ffffff&#039;;\" style=\"border-color:#000000; color:#000000;\" class=\"vc_general vc_btn3 vc_btn3-size-md vc_btn3-shape-square vc_btn3-style-outline-custom\" href=\"https:\/\/www.lifeceramica.com\/ferias\/cersaie\" title=\"\">IR A CERSAIE 2020<\/a><\/div><\/div><\/div><\/div><div class=\"wpb_column vc_column_container vc_col-sm-12\"><div class=\"vc_column-inner\"><div class=\"wpb_wrapper\"><\/div><\/div><\/div><\/div><div class=\"vc_row-full-width vc_clearfix\"><\/div><\/div><div class=\"vc-row-container vc-row-container--stretch-content-no-spaces\"><div data-vc-full-width=\"true\" data-vc-full-width-temp=\"true\" data-vc-full-width-init=\"false\" data-vc-stretch-content=\"true\" class=\"vc_row wpb_row vc_row-fluid wpb_animate_when_almost_visible wpb_fadeIn fadeIn vc_custom_1522159552509 vc_row-has-fill vc_row-no-padding vc_row-o-equal-height vc_row-o-content-middle vc_row-flex\"><div class=\"wpb_column vc_column_container vc_col-sm-6 vc_hidden-xs vc_col-has-fill\"><div class=\"vc_column-inner vc_custom_1523285124617\"><div class=\"wpb_wrapper\"><p style=\"color: #98bf0d;text-align: center\" class=\"vc_custom_heading vc_do_custom_heading sub-heading vc_custom_1594984584083\" >Ferias<\/p><h2 style=\"text-align: center\" class=\"vc_custom_heading vc_do_custom_heading\" >CEVISAMA<\/h2><div class=\"vc_separator wpb_content_element vc_separator_align_center vc_sep_width_10 vc_sep_pos_align_center vc_separator_no_text vc_sep_color_grey vc_custom_1522160591144 wpb_content_element  vc_custom_1522160591144 wpb_content_element separator-rotate\" ><span class=\"vc_sep_holder vc_sep_holder_l\"><span class=\"vc_sep_line\"><\/span><\/span><span class=\"vc_sep_holder vc_sep_holder_r\"><span class=\"vc_sep_line\"><\/span><\/span>\n<\/div>\n\t<div class=\"wpb_text_column wpb_content_element wpb_animate_when_almost_visible wpb_bottom-to-top bottom-to-top post-formatting \" >\n\t\t<div class=\"wpb_wrapper\">\n\t\t\t<p style=\"text-align: center;\">Cevisama cuenta con 38 a\u00f1os de experiencia como certamen monogr\u00e1fico del sector cer\u00e1mico. Es un escaparate internacional de referencia en <strong>revestimientos cer\u00e1micos<\/strong>, equipamiento de ba\u00f1o, piedra natural, fritas, esmaltes y <strong>colores cer\u00e1micos<\/strong>, tejas y ladrillos, materiales y utillaje, y maquinaria cer\u00e1mica.<\/p>\n\n\t\t<\/div>\n\t<\/div>\n<div class=\"vc_btn3-container  wpb_animate_when_almost_visible wpb_bottom-to-top bottom-to-top vc_btn3-center vc_do_btn\" ><a onmouseleave=\"this.style.borderColor=&#039;#000000&#039;; this.style.backgroundColor=&#039;transparent&#039;; this.style.color=&#039;#000000&#039;\" onmouseenter=\"this.style.borderColor=&#039;#000000&#039;; this.style.backgroundColor=&#039;#000000&#039;; this.style.color=&#039;#ffffff&#039;;\" style=\"border-color:#000000; color:#000000;\" class=\"vc_general vc_btn3 vc_btn3-size-md vc_btn3-shape-square vc_btn3-style-outline-custom\" href=\"https:\/\/www.lifeceramica.com\/ferias\/cevisama\" title=\"\">IR A CEVISAMA<\/a><\/div><\/div><\/div><\/div><div class=\"wpb_column vc_column_container vc_col-sm-6 vc_hidden-xs vc_col-has-fill\"><div class=\"vc_column-inner vc_custom_1594987752253\"><div class=\"wpb_wrapper\"><\/div><\/div><\/div><\/div><div class=\"vc_row-full-width vc_clearfix\"><\/div><\/div><div class=\"vc-row-container vc-row-container--stretch-content-no-spaces\"><div data-vc-full-width=\"true\" data-vc-full-width-temp=\"true\" data-vc-full-width-init=\"false\" data-vc-stretch-content=\"true\" class=\"vc_row wpb_row vc_row-fluid wpb_animate_when_almost_visible wpb_fadeIn fadeIn vc_row-no-padding vc_row-o-equal-height vc_row-o-content-middle vc_row-flex\"><div class=\"wpb_column vc_column_container vc_col-sm-6 vc_hidden-lg vc_hidden-md vc_hidden-sm vc_col-has-fill\"><div class=\"vc_column-inner vc_custom_1523285888227\"><div class=\"wpb_wrapper\">\n\t<div  class=\"wpb_single_image wpb_content_element vc_align_left wpb_content_element vc_custom_1594988257103\">\n\t\t\n\t\t<figure class=\"wpb_wrapper vc_figure\">\n\t\t\t<div class=\"vc_single_image-wrapper   vc_box_border_grey\"><img loading=\"lazy\" decoding=\"async\" width=\"1600\" height=\"1143\" src=\"https:\/\/www.lifeceramica.com\/wp-content\/uploads\/2020\/07\/FOTOS-DE-AMBIENTE-STAND-CErsaie-2020.jpg\" class=\"vc_single_image-img attachment-full\" alt=\"\" title=\"FOTOS-DE-AMBIENTE-STAND-CErsaie-2020\" srcset=\"https:\/\/www.lifeceramica.com\/wp-content\/uploads\/2020\/07\/FOTOS-DE-AMBIENTE-STAND-CErsaie-2020.jpg 1600w, https:\/\/www.lifeceramica.com\/wp-content\/uploads\/2020\/07\/FOTOS-DE-AMBIENTE-STAND-CErsaie-2020-600x429.jpg 600w, https:\/\/www.lifeceramica.com\/wp-content\/uploads\/2020\/07\/FOTOS-DE-AMBIENTE-STAND-CErsaie-2020-300x214.jpg 300w, https:\/\/www.lifeceramica.com\/wp-content\/uploads\/2020\/07\/FOTOS-DE-AMBIENTE-STAND-CErsaie-2020-1024x732.jpg 1024w, https:\/\/www.lifeceramica.com\/wp-content\/uploads\/2020\/07\/FOTOS-DE-AMBIENTE-STAND-CErsaie-2020-768x549.jpg 768w, https:\/\/www.lifeceramica.com\/wp-content\/uploads\/2020\/07\/FOTOS-DE-AMBIENTE-STAND-CErsaie-2020-1536x1097.jpg 1536w, https:\/\/www.lifeceramica.com\/wp-content\/uploads\/2020\/07\/FOTOS-DE-AMBIENTE-STAND-CErsaie-2020-1116x797.jpg 1116w, https:\/\/www.lifeceramica.com\/wp-content\/uploads\/2020\/07\/FOTOS-DE-AMBIENTE-STAND-CErsaie-2020-806x576.jpg 806w, https:\/\/www.lifeceramica.com\/wp-content\/uploads\/2020\/07\/FOTOS-DE-AMBIENTE-STAND-CErsaie-2020-558x399.jpg 558w, https:\/\/www.lifeceramica.com\/wp-content\/uploads\/2020\/07\/FOTOS-DE-AMBIENTE-STAND-CErsaie-2020-655x468.jpg 655w\" sizes=\"auto, (max-width: 1600px) 100vw, 1600px\" \/><\/div>\n\t\t<\/figure>\n\t<\/div>\n<\/div><\/div><\/div><div class=\"wpb_column vc_column_container vc_col-sm-6 vc_hidden-lg vc_hidden-md vc_hidden-sm\"><div class=\"vc_column-inner vc_custom_1523285807757\"><div class=\"wpb_wrapper\"><p style=\"color: #98bf0d;text-align: center\" class=\"vc_custom_heading vc_do_custom_heading sub-heading vc_custom_1594984593158\" >Ferias<\/p><h2 style=\"text-align: center\" class=\"vc_custom_heading vc_do_custom_heading\" >CERSAIE<\/h2><div class=\"vc_separator wpb_content_element vc_separator_align_center vc_sep_width_10 vc_sep_pos_align_center vc_separator_no_text vc_sep_color_grey vc_custom_1518181620857 wpb_content_element  vc_custom_1518181620857 wpb_content_element separator-rotate\" ><span class=\"vc_sep_holder vc_sep_holder_l\"><span class=\"vc_sep_line\"><\/span><\/span><span class=\"vc_sep_holder vc_sep_holder_r\"><span class=\"vc_sep_line\"><\/span><\/span>\n<\/div>\n\t<div class=\"wpb_text_column wpb_content_element post-formatting \" >\n\t\t<div class=\"wpb_wrapper\">\n\t\t\t<p style=\"text-align: center;\">Hab\u00edamos imaginado un Cersaie 2020 Open, un evento que estar\u00eda abierto a los visitantes, a un nuevo dise\u00f1o, a nuevos productos. Pero la continua emergencia de salud de Covid-19 en demasiados pa\u00edses nos hace imposible organizar una exposici\u00f3n que garantice la presencia de profesionales de todo el mundo.<\/p>\n\n\t\t<\/div>\n\t<\/div>\n<div class=\"vc_btn3-container  wpb_animate_when_almost_visible wpb_bottom-to-top bottom-to-top vc_btn3-center vc_do_btn\" ><a onmouseleave=\"this.style.borderColor=&#039;#000000&#039;; this.style.backgroundColor=&#039;transparent&#039;; this.style.color=&#039;#000000&#039;\" onmouseenter=\"this.style.borderColor=&#039;#000000&#039;; this.style.backgroundColor=&#039;#000000&#039;; this.style.color=&#039;#ffffff&#039;;\" style=\"border-color:#000000; color:#000000;\" class=\"vc_general vc_btn3 vc_btn3-size-md vc_btn3-shape-square vc_btn3-style-outline-custom\" href=\"https:\/\/www.lifeceramica.com\/ferias\/cersaie\" title=\"\">IR A CERSAIE<\/a><\/div><\/div><\/div><\/div><\/div><div class=\"vc_row-full-width vc_clearfix\"><\/div><\/div>\n<\/div>","protected":false},"excerpt":{"rendered":"FeriasFeriasCERSAIE 2023 Un a\u00f1o m\u00e1s, Life Cer\u00e1mica estuvo presente en el mayor escaparate del mundo de la cer\u00e1mica. Con las restricciones causadas por el COVID19 dejadas atr\u00e1s, la feria recuper\u00f3 la afluencia y la vitalidad de siempre. Os dejamos el enlace al tour virtual que resume nuestro paso por la feria. TOUR VIRTUAL CERSAIE 2023&hellip;","protected":false},"author":2,"featured_media":0,"parent":0,"menu_order":0,"comment_status":"closed","ping_status":"closed","template":"","meta":{"_acf_changed":false,"_monsterinsights_skip_tracking":false,"_monsterinsights_sitenote_active":false,"_monsterinsights_sitenote_note":"","_monsterinsights_sitenote_category":0,"_uf_show_specific_survey":0,"_uf_disable_surveys":false,"footnotes":""},"class_list":["post-63","page","type-page","status-publish","hentry"],"acf":[],"yoast_head":"<!-- This site is optimized with the Yoast SEO plugin v27.4 - https:\/\/yoast.com\/product\/yoast-seo-wordpress\/ -->\n<title>Ferias de la cer\u00e1mica - LIFE CER\u00c1MICA<\/title>\n<meta name=\"description\" content=\"Como productora de azulejos de peque\u00f1o formato, LIFE CER\u00c1MICA no podia faltar en estas citas tan importantes: CEVISAMA Y CERSAIE\" \/>\n<meta name=\"robots\" content=\"index, follow, max-snippet:-1, max-image-preview:large, max-video-preview:-1\" \/>\n<link rel=\"canonical\" href=\"https:\/\/www.lifeceramica.com\/es_es\/ferias-internacionales-de-la-ceramica\/\" \/>\n<meta property=\"og:locale\" content=\"es_ES\" \/>\n<meta property=\"og:type\" content=\"article\" \/>\n<meta property=\"og:title\" content=\"Ferias de la cer\u00e1mica - LIFE CER\u00c1MICA\" \/>\n<meta property=\"og:description\" content=\"Como productora de azulejos de peque\u00f1o formato, LIFE CER\u00c1MICA no podia faltar en estas citas tan importantes: CEVISAMA Y CERSAIE\" \/>\n<meta property=\"og:url\" content=\"https:\/\/www.lifeceramica.com\/es_es\/ferias-internacionales-de-la-ceramica\/\" \/>\n<meta property=\"og:site_name\" content=\"Life Cer\u00e1mica\" \/>\n<meta property=\"article:modified_time\" content=\"2023-09-29T08:35:01+00:00\" \/>\n<meta name=\"twitter:card\" content=\"summary_large_image\" \/>\n<meta name=\"twitter:label1\" content=\"Tiempo de lectura\" \/>\n\t<meta name=\"twitter:data1\" content=\"3 minutos\" \/>\n<script type=\"application\/ld+json\" class=\"yoast-schema-graph\">{\"@context\":\"https:\\\/\\\/schema.org\",\"@graph\":[{\"@type\":\"WebPage\",\"@id\":\"https:\\\/\\\/www.lifeceramica.com\\\/es_es\\\/ferias-internacionales-de-la-ceramica\\\/\",\"url\":\"https:\\\/\\\/www.lifeceramica.com\\\/es_es\\\/ferias-internacionales-de-la-ceramica\\\/\",\"name\":\"Ferias de la cer\u00e1mica - LIFE CER\u00c1MICA\",\"isPartOf\":{\"@id\":\"https:\\\/\\\/www.lifeceramica.com\\\/es_es\\\/#website\"},\"datePublished\":\"2018-02-07T13:44:15+00:00\",\"dateModified\":\"2023-09-29T08:35:01+00:00\",\"description\":\"Como productora de azulejos de peque\u00f1o formato, LIFE CER\u00c1MICA no podia faltar en estas citas tan importantes: CEVISAMA Y CERSAIE\",\"breadcrumb\":{\"@id\":\"https:\\\/\\\/www.lifeceramica.com\\\/es_es\\\/ferias-internacionales-de-la-ceramica\\\/#breadcrumb\"},\"inLanguage\":\"es\",\"potentialAction\":[{\"@type\":\"ReadAction\",\"target\":[\"https:\\\/\\\/www.lifeceramica.com\\\/es_es\\\/ferias-internacionales-de-la-ceramica\\\/\"]}]},{\"@type\":\"BreadcrumbList\",\"@id\":\"https:\\\/\\\/www.lifeceramica.com\\\/es_es\\\/ferias-internacionales-de-la-ceramica\\\/#breadcrumb\",\"itemListElement\":[{\"@type\":\"ListItem\",\"position\":1,\"name\":\"Home\",\"item\":\"https:\\\/\\\/www.lifeceramica.com\\\/\"},{\"@type\":\"ListItem\",\"position\":2,\"name\":\"Ferias\"}]},{\"@type\":\"WebSite\",\"@id\":\"https:\\\/\\\/www.lifeceramica.com\\\/es_es\\\/#website\",\"url\":\"https:\\\/\\\/www.lifeceramica.com\\\/es_es\\\/\",\"name\":\"Life Cer\u00e1mica\",\"description\":\"By Santarela, S.L.\",\"potentialAction\":[{\"@type\":\"SearchAction\",\"target\":{\"@type\":\"EntryPoint\",\"urlTemplate\":\"https:\\\/\\\/www.lifeceramica.com\\\/es_es\\\/?s={search_term_string}\"},\"query-input\":{\"@type\":\"PropertyValueSpecification\",\"valueRequired\":true,\"valueName\":\"search_term_string\"}}],\"inLanguage\":\"es\"}]}<\/script>\n<!-- \/ Yoast SEO plugin. -->","yoast_head_json":{"title":"Ferias de la cer\u00e1mica - LIFE CER\u00c1MICA","description":"Como productora de azulejos de peque\u00f1o formato, LIFE CER\u00c1MICA no podia faltar en estas citas tan importantes: CEVISAMA Y CERSAIE","robots":{"index":"index","follow":"follow","max-snippet":"max-snippet:-1","max-image-preview":"max-image-preview:large","max-video-preview":"max-video-preview:-1"},"canonical":"https:\/\/www.lifeceramica.com\/es_es\/ferias-internacionales-de-la-ceramica\/","og_locale":"es_ES","og_type":"article","og_title":"Ferias de la cer\u00e1mica - LIFE CER\u00c1MICA","og_description":"Como productora de azulejos de peque\u00f1o formato, LIFE CER\u00c1MICA no podia faltar en estas citas tan importantes: CEVISAMA Y CERSAIE","og_url":"https:\/\/www.lifeceramica.com\/es_es\/ferias-internacionales-de-la-ceramica\/","og_site_name":"Life Cer\u00e1mica","article_modified_time":"2023-09-29T08:35:01+00:00","twitter_card":"summary_large_image","twitter_misc":{"Tiempo de lectura":"3 minutos"},"schema":{"@context":"https:\/\/schema.org","@graph":[{"@type":"WebPage","@id":"https:\/\/www.lifeceramica.com\/es_es\/ferias-internacionales-de-la-ceramica\/","url":"https:\/\/www.lifeceramica.com\/es_es\/ferias-internacionales-de-la-ceramica\/","name":"Ferias de la cer\u00e1mica - LIFE CER\u00c1MICA","isPartOf":{"@id":"https:\/\/www.lifeceramica.com\/es_es\/#website"},"datePublished":"2018-02-07T13:44:15+00:00","dateModified":"2023-09-29T08:35:01+00:00","description":"Como productora de azulejos de peque\u00f1o formato, LIFE CER\u00c1MICA no podia faltar en estas citas tan importantes: CEVISAMA Y CERSAIE","breadcrumb":{"@id":"https:\/\/www.lifeceramica.com\/es_es\/ferias-internacionales-de-la-ceramica\/#breadcrumb"},"inLanguage":"es","potentialAction":[{"@type":"ReadAction","target":["https:\/\/www.lifeceramica.com\/es_es\/ferias-internacionales-de-la-ceramica\/"]}]},{"@type":"BreadcrumbList","@id":"https:\/\/www.lifeceramica.com\/es_es\/ferias-internacionales-de-la-ceramica\/#breadcrumb","itemListElement":[{"@type":"ListItem","position":1,"name":"Home","item":"https:\/\/www.lifeceramica.com\/"},{"@type":"ListItem","position":2,"name":"Ferias"}]},{"@type":"WebSite","@id":"https:\/\/www.lifeceramica.com\/es_es\/#website","url":"https:\/\/www.lifeceramica.com\/es_es\/","name":"Life Cer\u00e1mica","description":"By Santarela, S.L.","potentialAction":[{"@type":"SearchAction","target":{"@type":"EntryPoint","urlTemplate":"https:\/\/www.lifeceramica.com\/es_es\/?s={search_term_string}"},"query-input":{"@type":"PropertyValueSpecification","valueRequired":true,"valueName":"search_term_string"}}],"inLanguage":"es"}]}},"_links":{"self":[{"href":"https:\/\/www.lifeceramica.com\/es_es\/wp-json\/wp\/v2\/pages\/63","targetHints":{"allow":["GET"]}}],"collection":[{"href":"https:\/\/www.lifeceramica.com\/es_es\/wp-json\/wp\/v2\/pages"}],"about":[{"href":"https:\/\/www.lifeceramica.com\/es_es\/wp-json\/wp\/v2\/types\/page"}],"author":[{"embeddable":true,"href":"https:\/\/www.lifeceramica.com\/es_es\/wp-json\/wp\/v2\/users\/2"}],"replies":[{"embeddable":true,"href":"https:\/\/www.lifeceramica.com\/es_es\/wp-json\/wp\/v2\/comments?post=63"}],"version-history":[{"count":38,"href":"https:\/\/www.lifeceramica.com\/es_es\/wp-json\/wp\/v2\/pages\/63\/revisions"}],"predecessor-version":[{"id":9946,"href":"https:\/\/www.lifeceramica.com\/es_es\/wp-json\/wp\/v2\/pages\/63\/revisions\/9946"}],"wp:attachment":[{"href":"https:\/\/www.lifeceramica.com\/es_es\/wp-json\/wp\/v2\/media?parent=63"}],"curies":[{"name":"wp","href":"https:\/\/api.w.org\/{rel}","templated":true}]}}